{"id":696,"date":"2019-11-20T17:02:00","date_gmt":"2019-11-20T17:02:00","guid":{"rendered":"https:\/\/cartellera.cat\/?page_id=696"},"modified":"2024-06-21T14:09:25","modified_gmt":"2024-06-21T14:09:25","slug":"avis-legal","status":"publish","type":"page","link":"https:\/\/cartellera.cat\/es\/avis-legal\/","title":{"rendered":"Aviso legal"},"content":{"rendered":"<p>De acuerdo con la Ley Org\u00e1nica 34\/2002, de 11 de julio, de Servicios de la Sociedad de la Informaci\u00f3n y del Comercio Electr\u00f3nico, informamos a los usuarios de nuestros datos: <\/p>\n\n\n\n<p>Denominaci\u00f3n Social:&nbsp;<strong>SOFTOVI, S.L.<\/strong><\/p>\n\n\n\n<p>Domicilio Social:<strong>\u00a0Sant Joan Baptista, 56-58 Baixos 2, 08700 Igualada, Barcelona<\/strong><\/p>\n\n\n\n<p>NIF:&nbsp;<strong>B02642809<\/strong><\/p>\n\n\n\n<p>Datos Registrales: <strong>Registro Mercantil de Barcelona, en el folio 151, tomo 47.493, hoja B-553.591, inscripci\u00f3n 1\u00aa.<\/strong><\/p>\n\n\n\n<p>E-Mail:&nbsp;<strong>info@lacartellera.cat<\/strong><\/p>\n\n\n\n<p>Web:&nbsp;<strong>www.lacartellera.cat<\/strong><\/p>\n\n\n\n<p><strong>Protecci\u00f3n de datos de car\u00e1cter personal.<\/strong><\/p>\n\n\n\n<p>En cumplimiento de la Ley Org\u00e1nica 15\/1999, de 13 de diciembre, de Protecci\u00f3n de Datos de Car\u00e1cter Personal, SOFTOVI, S.L. informa a sus clientes y al p\u00fablico en general que:<\/p>\n\n\n\n<p>Los datos personales introducidos en el formulario de contacto de las p\u00e1ginas web cartellera.cat y lacartellera.cat formar\u00e1n parte de un fichero propiedad de SOFTOVI, S.L., con NIF B02642809, cuya finalidad es:<\/p>\n\n\n\n<ul><li>Atender las consultas y solicitudes de informaci\u00f3n realizadas por los usuarios de la p\u00e1gina web cartellera.cat y lacartellera.cat.<\/li><li>Informar, incluso por v\u00eda electr\u00f3nica, sobre los servicios o actividades que SOFTOVI, S.L. ofrece a sus clientes y al p\u00fablico en general. El interesado autoriza de forma expresa el tratamiento de sus datos personales con estos fines.<\/li><\/ul>\n\n\n\n<p>Los datos de car\u00e1cter personal facilitados ser\u00e1n de uso exclusivo por parte de SOFTOVI, S.L. y no se prev\u00e9 que sean comunicados a terceros.<\/p>\n\n\n\n<p>Si una persona desea ejercer los derechos de acceso, rectificaci\u00f3n, cancelaci\u00f3n y oposici\u00f3n respecto al tratamiento de sus datos personales, deber\u00e1 enviar una carta a SOFTOVI, S.L., Passeig Verdaguer, 146 ent., Igualada (Barcelona), o remitir un correo electr\u00f3nico a la siguiente direcci\u00f3n: info@lacartellera.cat.<\/p>","protected":false},"excerpt":{"rendered":"<p>D\u2019acord amb la Llei org\u00e0nica 34\/2002, d\u201911 de juliol, de Serveis de la Societat de la Informaci\u00f3 i del Comer\u00e7 Electr\u00f2nic, informem als usuaris de les nostres dades: Denominaci\u00f3n Social:&nbsp;SOFTOVI, S.L. Domicilio Social:\u00a0Sant Joan Baptista, 56-58 Baixos 2, 08700 Igualada, Barcelona NIF:&nbsp;B02642809 Dades Registrals: Registre mercantil de Barcelona, en el foli 151, volum 47.493, fulla&hellip; <br \/> <a class=\"read-more\" href=\"https:\/\/cartellera.cat\/es\/avis-legal\/\">Leer m\u00e1s<\/a><\/p>","protected":false},"author":1,"featured_media":0,"parent":0,"menu_order":0,"comment_status":"closed","ping_status":"closed","template":"","meta":[],"yoast_head":"<!-- This site is optimized with the Yoast SEO plugin v18.4.1 - https:\/\/yoast.com\/wordpress\/plugins\/seo\/ -->\n<title>Av\u00eds legal - Crea la teva cartellera digital<\/title>\n<meta name=\"robots\" content=\"index, follow, max-snippet:-1, max-image-preview:large, max-video-preview:-1\" \/>\n<link rel=\"canonical\" href=\"https:\/\/cartellera.cat\/es\/avis-legal\/\" \/>\n<meta property=\"og:locale\" content=\"es_ES\" \/>\n<meta property=\"og:type\" content=\"article\" \/>\n<meta property=\"og:title\" content=\"Av\u00eds legal - Crea la teva cartellera digital\" \/>\n<meta property=\"og:description\" content=\"D\u2019acord amb la Llei org\u00e0nica 34\/2002, d\u201911 de juliol, de Serveis de la Societat de la Informaci\u00f3 i del Comer\u00e7 Electr\u00f2nic, informem als usuaris de les nostres dades: Denominaci\u00f3n Social:&nbsp;SOFTOVI, S.L. Domicilio Social:\u00a0Sant Joan Baptista, 56-58 Baixos 2, 08700 Igualada, Barcelona NIF:&nbsp;B02642809 Dades Registrals: Registre mercantil de Barcelona, en el foli 151, volum 47.493, fulla&hellip; Leer m\u00e1s\" \/>\n<meta property=\"og:url\" content=\"https:\/\/cartellera.cat\/es\/avis-legal\/\" \/>\n<meta property=\"og:site_name\" content=\"Crea la teva cartellera digital\" \/>\n<meta property=\"article:modified_time\" content=\"2024-06-21T14:09:25+00:00\" \/>\n<meta property=\"og:image\" content=\"https:\/\/cartellera.cat\/wp-content\/uploads\/2020\/02\/share_img.jpg\" \/>\n\t<meta property=\"og:image:width\" content=\"250\" \/>\n\t<meta property=\"og:image:height\" content=\"191\" \/>\n\t<meta property=\"og:image:type\" content=\"image\/jpeg\" \/>\n<meta name=\"twitter:card\" content=\"summary_large_image\" \/>\n<meta name=\"twitter:label1\" content=\"Tiempo de lectura\" \/>\n\t<meta name=\"twitter:data1\" content=\"1 minuto\" \/>\n<script type=\"application\/ld+json\" class=\"yoast-schema-graph\">{\"@context\":\"https:\/\/schema.org\",\"@graph\":[{\"@type\":\"Organization\",\"@id\":\"https:\/\/cartellera.cat\/#organization\",\"name\":\"La Cartellera\",\"url\":\"https:\/\/cartellera.cat\/\",\"sameAs\":[],\"logo\":{\"@type\":\"ImageObject\",\"@id\":\"https:\/\/cartellera.cat\/#logo\",\"inLanguage\":\"es\",\"url\":\"https:\/\/cartellera.cat\/wp-content\/uploads\/2019\/11\/negre.jpg\",\"contentUrl\":\"https:\/\/cartellera.cat\/wp-content\/uploads\/2019\/11\/negre.jpg\",\"width\":582,\"height\":192,\"caption\":\"La Cartellera\"},\"image\":{\"@id\":\"https:\/\/cartellera.cat\/#logo\"}},{\"@type\":\"WebSite\",\"@id\":\"https:\/\/cartellera.cat\/#website\",\"url\":\"https:\/\/cartellera.cat\/\",\"name\":\"Crea la teva cartellera digital\",\"description\":\"Utilitza la teva pantalla per a promocionar els teus productes i serveis. Gestiona-ho tot des del m\u00f2bil.\",\"publisher\":{\"@id\":\"https:\/\/cartellera.cat\/#organization\"},\"potentialAction\":[{\"@type\":\"SearchAction\",\"target\":{\"@type\":\"EntryPoint\",\"urlTemplate\":\"https:\/\/cartellera.cat\/?s={search_term_string}\"},\"query-input\":\"required name=search_term_string\"}],\"inLanguage\":\"es\"},{\"@type\":\"WebPage\",\"@id\":\"https:\/\/cartellera.cat\/avis-legal\/#webpage\",\"url\":\"https:\/\/cartellera.cat\/avis-legal\/\",\"name\":\"Av\u00eds legal - Crea la teva cartellera digital\",\"isPartOf\":{\"@id\":\"https:\/\/cartellera.cat\/#website\"},\"datePublished\":\"2019-11-20T17:02:00+00:00\",\"dateModified\":\"2024-06-21T14:09:25+00:00\",\"breadcrumb\":{\"@id\":\"https:\/\/cartellera.cat\/avis-legal\/#breadcrumb\"},\"inLanguage\":\"es\",\"potentialAction\":[{\"@type\":\"ReadAction\",\"target\":[\"https:\/\/cartellera.cat\/avis-legal\/\"]}]},{\"@type\":\"BreadcrumbList\",\"@id\":\"https:\/\/cartellera.cat\/avis-legal\/#breadcrumb\",\"itemListElement\":[{\"@type\":\"ListItem\",\"position\":1,\"name\":\"Portada\",\"item\":\"https:\/\/cartellera.cat\/\"},{\"@type\":\"ListItem\",\"position\":2,\"name\":\"Av\u00eds legal\"}]}]}<\/script>\n<!-- \/ Yoast SEO plugin. -->","yoast_head_json":{"title":"Av\u00eds legal - Crea la teva cartellera digital","robots":{"index":"index","follow":"follow","max-snippet":"max-snippet:-1","max-image-preview":"max-image-preview:large","max-video-preview":"max-video-preview:-1"},"canonical":"https:\/\/cartellera.cat\/es\/avis-legal\/","og_locale":"es_ES","og_type":"article","og_title":"Av\u00eds legal - Crea la teva cartellera digital","og_description":"D\u2019acord amb la Llei org\u00e0nica 34\/2002, d\u201911 de juliol, de Serveis de la Societat de la Informaci\u00f3 i del Comer\u00e7 Electr\u00f2nic, informem als usuaris de les nostres dades: Denominaci\u00f3n Social:&nbsp;SOFTOVI, S.L. Domicilio Social:\u00a0Sant Joan Baptista, 56-58 Baixos 2, 08700 Igualada, Barcelona NIF:&nbsp;B02642809 Dades Registrals: Registre mercantil de Barcelona, en el foli 151, volum 47.493, fulla&hellip; Leer m\u00e1s","og_url":"https:\/\/cartellera.cat\/es\/avis-legal\/","og_site_name":"Crea la teva cartellera digital","article_modified_time":"2024-06-21T14:09:25+00:00","og_image":[{"width":250,"height":191,"url":"https:\/\/cartellera.cat\/wp-content\/uploads\/2020\/02\/share_img.jpg","type":"image\/jpeg"}],"twitter_card":"summary_large_image","twitter_misc":{"Tiempo de lectura":"1 minuto"},"schema":{"@context":"https:\/\/schema.org","@graph":[{"@type":"Organization","@id":"https:\/\/cartellera.cat\/#organization","name":"La Cartellera","url":"https:\/\/cartellera.cat\/","sameAs":[],"logo":{"@type":"ImageObject","@id":"https:\/\/cartellera.cat\/#logo","inLanguage":"es","url":"https:\/\/cartellera.cat\/wp-content\/uploads\/2019\/11\/negre.jpg","contentUrl":"https:\/\/cartellera.cat\/wp-content\/uploads\/2019\/11\/negre.jpg","width":582,"height":192,"caption":"La Cartellera"},"image":{"@id":"https:\/\/cartellera.cat\/#logo"}},{"@type":"WebSite","@id":"https:\/\/cartellera.cat\/#website","url":"https:\/\/cartellera.cat\/","name":"Crea la teva cartellera digital","description":"Utilitza la teva pantalla per a promocionar els teus productes i serveis. Gestiona-ho tot des del m\u00f2bil.","publisher":{"@id":"https:\/\/cartellera.cat\/#organization"},"potentialAction":[{"@type":"SearchAction","target":{"@type":"EntryPoint","urlTemplate":"https:\/\/cartellera.cat\/?s={search_term_string}"},"query-input":"required name=search_term_string"}],"inLanguage":"es"},{"@type":"WebPage","@id":"https:\/\/cartellera.cat\/avis-legal\/#webpage","url":"https:\/\/cartellera.cat\/avis-legal\/","name":"Av\u00eds legal - Crea la teva cartellera digital","isPartOf":{"@id":"https:\/\/cartellera.cat\/#website"},"datePublished":"2019-11-20T17:02:00+00:00","dateModified":"2024-06-21T14:09:25+00:00","breadcrumb":{"@id":"https:\/\/cartellera.cat\/avis-legal\/#breadcrumb"},"inLanguage":"es","potentialAction":[{"@type":"ReadAction","target":["https:\/\/cartellera.cat\/avis-legal\/"]}]},{"@type":"BreadcrumbList","@id":"https:\/\/cartellera.cat\/avis-legal\/#breadcrumb","itemListElement":[{"@type":"ListItem","position":1,"name":"Portada","item":"https:\/\/cartellera.cat\/"},{"@type":"ListItem","position":2,"name":"Av\u00eds legal"}]}]}},"_links":{"self":[{"href":"https:\/\/cartellera.cat\/es\/wp-json\/wp\/v2\/pages\/696"}],"collection":[{"href":"https:\/\/cartellera.cat\/es\/wp-json\/wp\/v2\/pages"}],"about":[{"href":"https:\/\/cartellera.cat\/es\/wp-json\/wp\/v2\/types\/page"}],"author":[{"embeddable":true,"href":"https:\/\/cartellera.cat\/es\/wp-json\/wp\/v2\/users\/1"}],"replies":[{"embeddable":true,"href":"https:\/\/cartellera.cat\/es\/wp-json\/wp\/v2\/comments?post=696"}],"version-history":[{"count":6,"href":"https:\/\/cartellera.cat\/es\/wp-json\/wp\/v2\/pages\/696\/revisions"}],"predecessor-version":[{"id":777,"href":"https:\/\/cartellera.cat\/es\/wp-json\/wp\/v2\/pages\/696\/revisions\/777"}],"wp:attachment":[{"href":"https:\/\/cartellera.cat\/es\/wp-json\/wp\/v2\/media?parent=696"}],"curies":[{"name":"wp","href":"https:\/\/api.w.org\/{rel}","templated":true}]}}