{"id":676,"date":"2019-11-20T16:51:47","date_gmt":"2019-11-20T16:51:47","guid":{"rendered":"https:\/\/cartellera.cat\/?page_id=676"},"modified":"2025-07-07T10:23:30","modified_gmt":"2025-07-07T10:23:30","slug":"politica-de-privacitat","status":"publish","type":"page","link":"https:\/\/cartellera.cat\/es\/politica-de-privacitat\/","title":{"rendered":"Pol\u00edtica de privacidad."},"content":{"rendered":"<p>La confidencialidad y la seguridad son valores fundamentales para SOFTOVI, S.L. y, en consecuencia, asumimos el compromiso de garantizar la privacidad del Usuario en todo momento y de no recopilar informaci\u00f3n innecesaria.<\/p>\n\n\n\n<p>De conformidad con la Ley Org\u00e1nica 15\/1999 de Protecci\u00f3n de Datos de Car\u00e1cter Personal (LOPD), y el Real Decreto 1720\/2007 por el que se aprueba el reglamento de desarrollo de la LOPD, le informamos que la utilizaci\u00f3n de determinados servicios en nuestra p\u00e1gina web requiere que nos facilite algunos datos personales a trav\u00e9s de formularios de registro o mediante el env\u00edo de mensajes de correo electr\u00f3nico. Dichos datos ser\u00e1n objeto de tratamiento e incorporados a los ficheros de SOFTOVI, S.L., titular y responsable de los mismos. El env\u00edo de dichos datos personales constituye el consentimiento expreso para su tratamiento, si bien este consentimiento es revocable y no tendr\u00e1 efectos retroactivos.<\/p>\n\n\n\n<p>Asimismo, le informamos que todos nuestros ficheros se encuentran legalmente inscritos en el Registro General de Datos Personales de la Agencia Espa\u00f1ola de Protecci\u00f3n de Datos, y que, para salvaguardar la seguridad de sus datos personales, se aplicar\u00e1n las medidas de seguridad t\u00e9cnicas y organizativas exigidas en el Real Decreto 1720\/2007, por el que se aprueba el reglamento de medidas de seguridad de los ficheros que contengan datos de car\u00e1cter personal.<\/p>\n\n\n\n<p>Con car\u00e1cter general, queda absolutamente...&nbsp;<strong>prohibido facilitar datos personales<\/strong>&nbsp;de los&nbsp;<strong>menores de 14 a\u00f1os<\/strong>&nbsp;sin el consentimiento de los padres o tutores legales.<\/p>\n\n\n\n<p>SOFTOVI, S.L. se reserva el derecho de decidir la incorporaci\u00f3n o no de los datos personales a sus ficheros. El usuario ser\u00e1 el \u00fanico responsable de cualquier da\u00f1o o perjuicio, directo o indirecto, que nos ocasione a nosotros o a cualquier tercero por haber rellenado los formularios con datos falsos, inexactos, incompletos, no actualizados o con datos de terceros.<\/p>\n\n\n\n<p><strong>Qu\u00e9 datos solicitamos y con qu\u00e9 finalidad<\/strong><\/p>\n\n\n\n<p>Los datos que le solicitamos son los adecuados, pertinentes y estrictamente necesarios para la finalidad con la que se recogen, y&nbsp;<strong>en ning\u00fan caso est\u00e1 obligado a facilit\u00e1rnoslos<\/strong>&nbsp;, no obstante, todos ellos son de respuesta obligatoria para poder atender adecuadamente la finalidad de su solicitud.<\/p>\n\n\n\n<p>Nuestra p\u00e1gina web recoge sus datos personales a trav\u00e9s de la recepci\u00f3n del formulario de contacto.<\/p>\n\n\n\n<ul><li>En la secci\u00f3n CONTACTO le solicitamos sus datos personales para poder responder a sus preguntas y\/o facilitarle la informaci\u00f3n solicitada, as\u00ed como cualquier otra relacionada con nuestra actividad que consideremos de su inter\u00e9s.<\/li><li>Asimismo, en caso de recibir un correo electr\u00f3nico solicitando cualquier tipo de informaci\u00f3n, aclaraci\u00f3n o consulta, si este incluye datos personales o su direcci\u00f3n contiene datos personales, nos autoriza a incorporarlos a nuestros ficheros correspondientes.<\/li><\/ul>\n\n\n\n<p>La aceptaci\u00f3n de la presente pol\u00edtica de privacidad implica el consentimiento del usuario para recibir nuestras comunicaciones comerciales relacionadas con nuestra actividad, incluso por medios electr\u00f3nicos, salvo que nos indique lo contrario a trav\u00e9s del correo electr\u00f3nico.&nbsp;<a href=\"mailto:fiscal@ramellsramoneda.com\">i&nbsp;<\/a><a href=\"mailto:info@lacartellera.cat\">mailto:info@lacartellera.cat<\/a><\/p>\n\n\n\n<p>SOFTOVI, S.L. se reserva el derecho de decidir la incorporaci\u00f3n o no de los datos personales a sus ficheros.<\/p>\n\n\n\n<p><strong>Derechos de acceso, rectificaci\u00f3n, cancelaci\u00f3n y oposici\u00f3n de sus datos personales<\/strong><\/p>\n\n\n\n<p>En cualquier momento puede ejercer sus derechos de acceso, rectificaci\u00f3n, cancelaci\u00f3n y oposici\u00f3n, en los t\u00e9rminos legalmente establecidos, dirigi\u00e9ndose a la siguiente direcci\u00f3n: Sant Joan Baptista, 56-58, Bajos 2, 08700 Igualada, Barcelona.<\/p>\n\n\n\n<p>Consideramos que, si no cancela expresamente sus datos personales de nuestros ficheros, contin\u00faa interesado en seguir formando parte de los mismos mientras lo consideremos oportuno y siempre que sea adecuado a la finalidad para la que fueron obtenidos.<\/p>\n\n\n\n<p><strong>Comunicaci\u00f3n de datos.<\/strong><\/p>\n\n\n\n<p>Le informamos que sus datos son tratados con la m\u00e1xima confidencialidad y que se utilizan exclusivamente de forma interna y para las finalidades indicadas. Por tanto, no cedemos ni comunicamos sus datos a ning\u00fan tercero, salvo que el usuario nos autorice expresamente o en los casos legalmente previstos.<\/p>\n\n\n\n<p><strong>Seguridad de sus datos personales.<\/strong><\/p>\n\n\n\n<p>Con el objetivo de salvaguardar la seguridad de sus datos personales, le informamos que hemos adoptado todas las medidas de \u00edndole t\u00e9cnica y organizativa necesarias para garantizar la seguridad de los datos personales proporcionados frente a su alteraci\u00f3n, p\u00e9rdida, y tratamientos o accesos no autorizados, tal como exige el Real Decreto 1720\/2007, por el que se aprueba el reglamento de medidas de seguridad de los ficheros que contengan datos de car\u00e1cter personal.<\/p>\n\n\n\n<p><strong>Actualizaci\u00f3n de sus datos.<\/strong><\/p>\n\n\n\n<p>Es importante que, para poder mantener sus datos personales actualizados, nos informe siempre que se produzca alguna modificaci\u00f3n; en caso contrario, no nos hacemos responsables de su veracidad.<\/p>\n\n\n\n<p><strong>Comunicaciones comerciales por correo electr\u00f3nico<\/strong><\/p>\n\n\n\n<p class=\"translation-block\">Teniendo en cuenta que el principal medio de comunicaci\u00f3n entre SOFTOVI, S.L. y el usuario es a trav\u00e9s de la direcci\u00f3n de correo electr\u00f3nico facilitada, le informamos que utilizaremos dicho medio para todas las comunicaciones con los USUARIOS, incluidas las informaciones comerciales o notas informativas relacionadas con la finalidad de nuestro portal, y en consecuencia, en cumplimiento del art\u00edculo 21 de la <strong>Ley de Servicios de la Sociedad de la Informaci\u00f3n<\/strong> mediante el <strong>correo electr\u00f3nico<\/strong> que previamente no hayan sido autorizadas expresamente por los destinatarios de las mismas, le informamos que la aceptaci\u00f3n de las presentes condiciones de uso implica <strong>su autorizaci\u00f3n expresa para recibir nuestros env\u00edos comerciales, publicitarios y promocionales<\/strong>. No obstante, si no desea recibir nuestras comunicaciones comerciales por correo electr\u00f3nico, puede oponerse a ello en la direcci\u00f3n indicada anteriormente o en cada env\u00edo que le remitamos.<\/p>\n\n\n\n<p>No nos hacemos responsables de la pol\u00edtica de privacidad respecto a los datos personales que pueda facilitar a terceros a trav\u00e9s de los enlaces disponibles en nuestra p\u00e1gina web.<\/p>\n\n\n\n<p>SOFTOVI, S.L. puede modificar la presente pol\u00edtica de privacidad para adaptarla a los cambios que se produzcan en nuestro sitio web, as\u00ed como a posibles modificaciones legislativas o jurisprudenciales sobre protecci\u00f3n de datos personales que puedan surgir, por lo que se requiere su lectura cada vez que nos facilite sus datos a trav\u00e9s de esta web.<\/p>","protected":false},"excerpt":{"rendered":"<p>La confidencialitat i la seguretat s\u00f3n valors fonamentals per a SOFTOVI, SL i, en conseq\u00fc\u00e8ncia, assumim el comprom\u00eds de garantir la privadesa de l&#8217;Usuari en tot moment i de no recopilar informaci\u00f3 innecess\u00e0ria. De conformitat amb la Llei Org\u00e0nica 15\/1999 de Protecci\u00f3 de Dades de Car\u00e0cter Personal (LOPD), i el Reial Decret 1720\/2007 pel qual&hellip; <br \/> <a class=\"read-more\" href=\"https:\/\/cartellera.cat\/es\/politica-de-privacitat\/\">Leer m\u00e1s<\/a><\/p>","protected":false},"author":1,"featured_media":0,"parent":0,"menu_order":0,"comment_status":"closed","ping_status":"closed","template":"","meta":[],"yoast_head":"<!-- This site is optimized with the Yoast SEO plugin v18.4.1 - https:\/\/yoast.com\/wordpress\/plugins\/seo\/ -->\n<title>Pol\u00edtica de privadesa - Crea la teva cartellera digital<\/title>\n<meta name=\"robots\" content=\"index, follow, max-snippet:-1, max-image-preview:large, max-video-preview:-1\" \/>\n<link rel=\"canonical\" href=\"https:\/\/cartellera.cat\/es\/politica-de-privacitat\/\" \/>\n<meta property=\"og:locale\" content=\"es_ES\" \/>\n<meta property=\"og:type\" content=\"article\" \/>\n<meta property=\"og:title\" content=\"Pol\u00edtica de privadesa - Crea la teva cartellera digital\" \/>\n<meta property=\"og:description\" content=\"La confidencialitat i la seguretat s\u00f3n valors fonamentals per a SOFTOVI, SL i, en conseq\u00fc\u00e8ncia, assumim el comprom\u00eds de garantir la privadesa de l&#8217;Usuari en tot moment i de no recopilar informaci\u00f3 innecess\u00e0ria. De conformitat amb la Llei Org\u00e0nica 15\/1999 de Protecci\u00f3 de Dades de Car\u00e0cter Personal (LOPD), i el Reial Decret 1720\/2007 pel qual&hellip; Leer m\u00e1s\" \/>\n<meta property=\"og:url\" content=\"https:\/\/cartellera.cat\/es\/politica-de-privacitat\/\" \/>\n<meta property=\"og:site_name\" content=\"Crea la teva cartellera digital\" \/>\n<meta property=\"article:modified_time\" content=\"2025-07-07T10:23:30+00:00\" \/>\n<meta property=\"og:image\" content=\"https:\/\/cartellera.cat\/wp-content\/uploads\/2020\/02\/share_img.jpg\" \/>\n\t<meta property=\"og:image:width\" content=\"250\" \/>\n\t<meta property=\"og:image:height\" content=\"191\" \/>\n\t<meta property=\"og:image:type\" content=\"image\/jpeg\" \/>\n<meta name=\"twitter:card\" content=\"summary_large_image\" \/>\n<meta name=\"twitter:label1\" content=\"Tiempo de lectura\" \/>\n\t<meta name=\"twitter:data1\" content=\"5 minutos\" \/>\n<script type=\"application\/ld+json\" class=\"yoast-schema-graph\">{\"@context\":\"https:\/\/schema.org\",\"@graph\":[{\"@type\":\"Organization\",\"@id\":\"https:\/\/cartellera.cat\/#organization\",\"name\":\"La Cartellera\",\"url\":\"https:\/\/cartellera.cat\/\",\"sameAs\":[],\"logo\":{\"@type\":\"ImageObject\",\"@id\":\"https:\/\/cartellera.cat\/#logo\",\"inLanguage\":\"es\",\"url\":\"https:\/\/cartellera.cat\/wp-content\/uploads\/2019\/11\/negre.jpg\",\"contentUrl\":\"https:\/\/cartellera.cat\/wp-content\/uploads\/2019\/11\/negre.jpg\",\"width\":582,\"height\":192,\"caption\":\"La Cartellera\"},\"image\":{\"@id\":\"https:\/\/cartellera.cat\/#logo\"}},{\"@type\":\"WebSite\",\"@id\":\"https:\/\/cartellera.cat\/#website\",\"url\":\"https:\/\/cartellera.cat\/\",\"name\":\"Crea la teva cartellera digital\",\"description\":\"Utilitza la teva pantalla per a promocionar els teus productes i serveis. Gestiona-ho tot des del m\u00f2bil.\",\"publisher\":{\"@id\":\"https:\/\/cartellera.cat\/#organization\"},\"potentialAction\":[{\"@type\":\"SearchAction\",\"target\":{\"@type\":\"EntryPoint\",\"urlTemplate\":\"https:\/\/cartellera.cat\/?s={search_term_string}\"},\"query-input\":\"required name=search_term_string\"}],\"inLanguage\":\"es\"},{\"@type\":\"WebPage\",\"@id\":\"https:\/\/cartellera.cat\/politica-de-privacitat\/#webpage\",\"url\":\"https:\/\/cartellera.cat\/politica-de-privacitat\/\",\"name\":\"Pol\u00edtica de privadesa - Crea la teva cartellera digital\",\"isPartOf\":{\"@id\":\"https:\/\/cartellera.cat\/#website\"},\"datePublished\":\"2019-11-20T16:51:47+00:00\",\"dateModified\":\"2025-07-07T10:23:30+00:00\",\"breadcrumb\":{\"@id\":\"https:\/\/cartellera.cat\/politica-de-privacitat\/#breadcrumb\"},\"inLanguage\":\"es\",\"potentialAction\":[{\"@type\":\"ReadAction\",\"target\":[\"https:\/\/cartellera.cat\/politica-de-privacitat\/\"]}]},{\"@type\":\"BreadcrumbList\",\"@id\":\"https:\/\/cartellera.cat\/politica-de-privacitat\/#breadcrumb\",\"itemListElement\":[{\"@type\":\"ListItem\",\"position\":1,\"name\":\"Portada\",\"item\":\"https:\/\/cartellera.cat\/\"},{\"@type\":\"ListItem\",\"position\":2,\"name\":\"Pol\u00edtica de privadesa\"}]}]}<\/script>\n<!-- \/ Yoast SEO plugin. -->","yoast_head_json":{"title":"Pol\u00edtica de privadesa - Crea la teva cartellera digital","robots":{"index":"index","follow":"follow","max-snippet":"max-snippet:-1","max-image-preview":"max-image-preview:large","max-video-preview":"max-video-preview:-1"},"canonical":"https:\/\/cartellera.cat\/es\/politica-de-privacitat\/","og_locale":"es_ES","og_type":"article","og_title":"Pol\u00edtica de privadesa - Crea la teva cartellera digital","og_description":"La confidencialitat i la seguretat s\u00f3n valors fonamentals per a SOFTOVI, SL i, en conseq\u00fc\u00e8ncia, assumim el comprom\u00eds de garantir la privadesa de l&#8217;Usuari en tot moment i de no recopilar informaci\u00f3 innecess\u00e0ria. De conformitat amb la Llei Org\u00e0nica 15\/1999 de Protecci\u00f3 de Dades de Car\u00e0cter Personal (LOPD), i el Reial Decret 1720\/2007 pel qual&hellip; Leer m\u00e1s","og_url":"https:\/\/cartellera.cat\/es\/politica-de-privacitat\/","og_site_name":"Crea la teva cartellera digital","article_modified_time":"2025-07-07T10:23:30+00:00","og_image":[{"width":250,"height":191,"url":"https:\/\/cartellera.cat\/wp-content\/uploads\/2020\/02\/share_img.jpg","type":"image\/jpeg"}],"twitter_card":"summary_large_image","twitter_misc":{"Tiempo de lectura":"5 minutos"},"schema":{"@context":"https:\/\/schema.org","@graph":[{"@type":"Organization","@id":"https:\/\/cartellera.cat\/#organization","name":"La Cartellera","url":"https:\/\/cartellera.cat\/","sameAs":[],"logo":{"@type":"ImageObject","@id":"https:\/\/cartellera.cat\/#logo","inLanguage":"es","url":"https:\/\/cartellera.cat\/wp-content\/uploads\/2019\/11\/negre.jpg","contentUrl":"https:\/\/cartellera.cat\/wp-content\/uploads\/2019\/11\/negre.jpg","width":582,"height":192,"caption":"La Cartellera"},"image":{"@id":"https:\/\/cartellera.cat\/#logo"}},{"@type":"WebSite","@id":"https:\/\/cartellera.cat\/#website","url":"https:\/\/cartellera.cat\/","name":"Crea la teva cartellera digital","description":"Utilitza la teva pantalla per a promocionar els teus productes i serveis. Gestiona-ho tot des del m\u00f2bil.","publisher":{"@id":"https:\/\/cartellera.cat\/#organization"},"potentialAction":[{"@type":"SearchAction","target":{"@type":"EntryPoint","urlTemplate":"https:\/\/cartellera.cat\/?s={search_term_string}"},"query-input":"required name=search_term_string"}],"inLanguage":"es"},{"@type":"WebPage","@id":"https:\/\/cartellera.cat\/politica-de-privacitat\/#webpage","url":"https:\/\/cartellera.cat\/politica-de-privacitat\/","name":"Pol\u00edtica de privadesa - Crea la teva cartellera digital","isPartOf":{"@id":"https:\/\/cartellera.cat\/#website"},"datePublished":"2019-11-20T16:51:47+00:00","dateModified":"2025-07-07T10:23:30+00:00","breadcrumb":{"@id":"https:\/\/cartellera.cat\/politica-de-privacitat\/#breadcrumb"},"inLanguage":"es","potentialAction":[{"@type":"ReadAction","target":["https:\/\/cartellera.cat\/politica-de-privacitat\/"]}]},{"@type":"BreadcrumbList","@id":"https:\/\/cartellera.cat\/politica-de-privacitat\/#breadcrumb","itemListElement":[{"@type":"ListItem","position":1,"name":"Portada","item":"https:\/\/cartellera.cat\/"},{"@type":"ListItem","position":2,"name":"Pol\u00edtica de privadesa"}]}]}},"_links":{"self":[{"href":"https:\/\/cartellera.cat\/es\/wp-json\/wp\/v2\/pages\/676"}],"collection":[{"href":"https:\/\/cartellera.cat\/es\/wp-json\/wp\/v2\/pages"}],"about":[{"href":"https:\/\/cartellera.cat\/es\/wp-json\/wp\/v2\/types\/page"}],"author":[{"embeddable":true,"href":"https:\/\/cartellera.cat\/es\/wp-json\/wp\/v2\/users\/1"}],"replies":[{"embeddable":true,"href":"https:\/\/cartellera.cat\/es\/wp-json\/wp\/v2\/comments?post=676"}],"version-history":[{"count":8,"href":"https:\/\/cartellera.cat\/es\/wp-json\/wp\/v2\/pages\/676\/revisions"}],"predecessor-version":[{"id":802,"href":"https:\/\/cartellera.cat\/es\/wp-json\/wp\/v2\/pages\/676\/revisions\/802"}],"wp:attachment":[{"href":"https:\/\/cartellera.cat\/es\/wp-json\/wp\/v2\/media?parent=676"}],"curies":[{"name":"wp","href":"https:\/\/api.w.org\/{rel}","templated":true}]}}